{"version":"1.0","provider_name":"Adec Global","provider_url":"https:\/\/adecglobal.com\/es\/","author_name":"admin","author_url":"https:\/\/adecglobal.com\/es\/author\/frame_meaad1nl\/","title":"La Vanguardia entrevista al responsable de Adec Global","type":"rich","width":600,"height":338,"html":"<blockquote class=\"wp-embedded-content\" data-secret=\"aBy2pwPXdA\"><a href=\"https:\/\/adecglobal.com\/es\/la-vanguardia-entrevista-al-responsable-de-adec-global\/\">La Vanguardia entrevista al responsable de Adec Global<\/a><\/blockquote><iframe sandbox=\"allow-scripts\" security=\"restricted\" src=\"https:\/\/adecglobal.com\/es\/la-vanguardia-entrevista-al-responsable-de-adec-global\/embed\/#?secret=aBy2pwPXdA\" width=\"600\" height=\"338\" title=\"\u00abLa Vanguardia entrevista al responsable de Adec Global\u00bb \u2014 Adec Global\" data-secret=\"aBy2pwPXdA\" frameborder=\"0\" marginwidth=\"0\" marginheight=\"0\" scrolling=\"no\" class=\"wp-embedded-content\"><\/iframe><script>\n\/*! This file is auto-generated *\/\n!function(d,l){\"use strict\";l.querySelector&&d.addEventListener&&\"undefined\"!=typeof URL&&(d.wp=d.wp||{},d.wp.receiveEmbedMessage||(d.wp.receiveEmbedMessage=function(e){var t=e.data;if((t||t.secret||t.message||t.value)&&!\/[^a-zA-Z0-9]\/.test(t.secret)){for(var s,r,n,a=l.querySelectorAll('iframe[data-secret=\"'+t.secret+'\"]'),o=l.querySelectorAll('blockquote[data-secret=\"'+t.secret+'\"]'),c=new RegExp(\"^https?:$\",\"i\"),i=0;i<o.length;i++)o[i].style.display=\"none\";for(i=0;i<a.length;i++)s=a[i],e.source===s.contentWindow&&(s.removeAttribute(\"style\"),\"height\"===t.message?(1e3<(r=parseInt(t.value,10))?r=1e3:~~r<200&&(r=200),s.height=r):\"link\"===t.message&&(r=new URL(s.getAttribute(\"src\")),n=new URL(t.value),c.test(n.protocol))&&n.host===r.host&&l.activeElement===s&&(d.top.location.href=t.value))}},d.addEventListener(\"message\",d.wp.receiveEmbedMessage,!1),l.addEventListener(\"DOMContentLoaded\",function(){for(var e,t,s=l.querySelectorAll(\"iframe.wp-embedded-content\"),r=0;r<s.length;r++)(t=(e=s[r]).getAttribute(\"data-secret\"))||(t=Math.random().toString(36).substring(2,12),e.src+=\"#?secret=\"+t,e.setAttribute(\"data-secret\",t)),e.contentWindow.postMessage({message:\"ready\",secret:t},\"*\")},!1)))}(window,document);\n\/\/# sourceURL=https:\/\/adecglobal.com\/wp-includes\/js\/wp-embed.min.js\n<\/script>\n","thumbnail_url":"https:\/\/adecglobal.com\/wp-content\/uploads\/2016\/07\/obra-civil-vanguardia-01.jpg","thumbnail_width":828,"thumbnail_height":450,"description":"F\u00e9lix Pedroso, responsable de Adec Global: \u00abEl \u00e1rido sider\u00fargico es una alternativa de enorme calidad en comparaci\u00f3n con el \u00e1rido natural\u00bb La Vanguardia ha publicado en la secci\u00f3n Excelencia empresarial, la entrevista con el responsable de Adec Global, F\u00e9lix Pedroso . En \u00e9sta se habla del \u00e1rido sider\u00fargico como la nueva alternativa al \u00e1rido natural; [&hellip;]"}